{"id":198,"date":"2021-08-10T16:18:50","date_gmt":"2021-08-10T16:18:50","guid":{"rendered":"https:\/\/csdcab.tondesign.ca\/val-des-bois\/?page_id=198"},"modified":"2026-08-18T14:50:24","modified_gmt":"2026-08-18T18:50:24","slug":"climat-scolaire","status":"publish","type":"page","link":"https:\/\/ndf.csdcab.ca\/en\/notre-ecole\/climat-scolaire\/","title":{"rendered":"School climate"},"content":{"rendered":"\t\t<div data-elementor-type=\"wp-page\" data-elementor-id=\"198\" class=\"elementor elementor-198\" data-elementor-post-type=\"page\">\n\t\t\t\t\t\t<section class=\"elementor-section elementor-top-section elementor-element elementor-element-087c9a8 elementor-section-boxed elementor-section-height-default elementor-section-height-default\" data-id=\"087c9a8\" data-element_type=\"section\" data-e-type=\"section\" data-settings=\"{&quot;jet_parallax_layout_list&quot;:[{&quot;jet_parallax_layout_image&quot;:{&quot;url&quot;:&quot;&quot;,&quot;id&quot;:&quot;&quot;,&quot;size&quot;:&quot;&quot;},&quot;_id&quot;:&quot;0f122b3&quot;,&quot;jet_parallax_layout_image_tablet&quot;:{&quot;url&quot;:&quot;&quot;,&quot;id&quot;:&quot;&quot;,&quot;size&quot;:&quot;&quot;},&quot;jet_parallax_layout_image_mobile&quot;:{&quot;url&quot;:&quot;&quot;,&quot;id&quot;:&quot;&quot;,&quot;size&quot;:&quot;&quot;},&quot;jet_parallax_layout_speed&quot;:{&quot;unit&quot;:&quot;%&quot;,&quot;size&quot;:50,&quot;sizes&quot;:[]},&quot;jet_parallax_layout_type&quot;:&quot;scroll&quot;,&quot;jet_parallax_layout_direction&quot;:&quot;1&quot;,&quot;jet_parallax_layout_fx_direction&quot;:null,&quot;jet_parallax_layout_z_index&quot;:&quot;&quot;,&quot;jet_parallax_layout_bg_x&quot;:50,&quot;jet_parallax_layout_bg_x_tablet&quot;:&quot;&quot;,&quot;jet_parallax_layout_bg_x_mobile&quot;:&quot;&quot;,&quot;jet_parallax_layout_bg_y&quot;:50,&quot;jet_parallax_layout_bg_y_tablet&quot;:&quot;&quot;,&quot;jet_parallax_layout_bg_y_mobile&quot;:&quot;&quot;,&quot;jet_parallax_layout_bg_size&quot;:&quot;auto&quot;,&quot;jet_parallax_layout_bg_size_tablet&quot;:&quot;&quot;,&quot;jet_parallax_layout_bg_size_mobile&quot;:&quot;&quot;,&quot;jet_parallax_layout_animation_prop&quot;:&quot;transform&quot;,&quot;jet_parallax_layout_on&quot;:[&quot;desktop&quot;,&quot;tablet&quot;]}]}\">\n\t\t\t\t\t\t<div class=\"elementor-container elementor-column-gap-no\">\n\t\t\t\t\t<div class=\"elementor-column elementor-col-50 elementor-top-column elementor-element elementor-element-326f294\" data-id=\"326f294\" data-element_type=\"column\" data-e-type=\"column\">\n\t\t\t<div class=\"elementor-widget-wrap elementor-element-populated\">\n\t\t\t\t\t\t<div class=\"elementor-element elementor-element-2520efe elementor-widget elementor-widget-heading\" data-id=\"2520efe\" data-element_type=\"widget\" data-e-type=\"widget\" data-widget_type=\"heading.default\">\n\t\t\t\t<div class=\"elementor-widget-container\">\n\t\t\t\t\t<h2 class=\"elementor-heading-title elementor-size-default\">Notre \u00e9cole<\/h2>\t\t\t\t<\/div>\n\t\t\t\t<\/div>\n\t\t\t\t<div class=\"elementor-element elementor-element-5015f6d elementor-widget elementor-widget-text-editor\" data-id=\"5015f6d\" data-element_type=\"widget\" data-e-type=\"widget\" data-widget_type=\"text-editor.default\">\n\t\t\t\t<div class=\"elementor-widget-container\">\n\t\t\t\t\t\t\t\t\t<p>Ensemble, nous travaillons dans le but de favoriser l&rsquo;apprentissage de nos \u00e9l\u00e8ves. Au c\u0153ur de leur culture et de leur identit\u00e9 catholique francophone, nous leur offrons une \u00e9ducation propre \u00e0 leur \u00e9panouissement.<\/p><p>Dans un environnement s\u00e9curitaire, valorisant et inclusif, et gr\u00e2ce \u00e0 la collaboration et au d\u00e9vouement du personnel, des parents et des partenaires communautaires, nos \u00e9l\u00e8ves vivent des exp\u00e9riences de vie authentiques \u00e0 travers une multitude d&rsquo;activit\u00e9s scolaires, culturelles et spirituelles.<\/p><p>Chaque \u00e9l\u00e8ve contribue \u00e0 un climat positif, inclusif et s\u00e9curitaire. Le code de vie des Voyageurs s&rsquo;appuie sur trois valeurs qui font partie de la culture de l&rsquo;\u00e9cole.<\/p>\t\t\t\t\t\t\t\t<\/div>\n\t\t\t\t<\/div>\n\t\t\t\t\t<\/div>\n\t\t<\/div>\n\t\t\t\t<div class=\"elementor-column elementor-col-50 elementor-top-column elementor-element elementor-element-022e7cc\" data-id=\"022e7cc\" data-element_type=\"column\" data-e-type=\"column\" data-settings=\"{&quot;background_background&quot;:&quot;classic&quot;}\">\n\t\t\t<div class=\"elementor-widget-wrap elementor-element-populated\">\n\t\t\t\t\t\t<div class=\"elementor-element elementor-element-1731a48 elementor-widget elementor-widget-spacer\" data-id=\"1731a48\" data-element_type=\"widget\" data-e-type=\"widget\" data-widget_type=\"spacer.default\">\n\t\t\t\t<div class=\"elementor-widget-container\">\n\t\t\t\t\t\t\t<div class=\"elementor-spacer\">\n\t\t\t<div class=\"elementor-spacer-inner\"><\/div>\n\t\t<\/div>\n\t\t\t\t\t\t<\/div>\n\t\t\t\t<\/div>\n\t\t\t\t\t<\/div>\n\t\t<\/div>\n\t\t\t\t\t<\/div>\n\t\t<\/section>\n\t\t\t\t<section class=\"elementor-section elementor-top-section elementor-element elementor-element-f81131b elementor-section-full_width elementor-section-content-middle elementor-section-height-default elementor-section-height-default\" data-id=\"f81131b\" data-element_type=\"section\" data-e-type=\"section\" data-settings=\"{&quot;jet_parallax_layout_list&quot;:[{&quot;jet_parallax_layout_image&quot;:{&quot;url&quot;:&quot;&quot;,&quot;id&quot;:&quot;&quot;,&quot;size&quot;:&quot;&quot;},&quot;_id&quot;:&quot;bafdc0a&quot;,&quot;jet_parallax_layout_image_tablet&quot;:{&quot;url&quot;:&quot;&quot;,&quot;id&quot;:&quot;&quot;,&quot;size&quot;:&quot;&quot;},&quot;jet_parallax_layout_image_mobile&quot;:{&quot;url&quot;:&quot;&quot;,&quot;id&quot;:&quot;&quot;,&quot;size&quot;:&quot;&quot;},&quot;jet_parallax_layout_speed&quot;:{&quot;unit&quot;:&quot;%&quot;,&quot;size&quot;:50,&quot;sizes&quot;:[]},&quot;jet_parallax_layout_type&quot;:&quot;scroll&quot;,&quot;jet_parallax_layout_direction&quot;:&quot;1&quot;,&quot;jet_parallax_layout_fx_direction&quot;:null,&quot;jet_parallax_layout_z_index&quot;:&quot;&quot;,&quot;jet_parallax_layout_bg_x&quot;:50,&quot;jet_parallax_layout_bg_x_tablet&quot;:&quot;&quot;,&quot;jet_parallax_layout_bg_x_mobile&quot;:&quot;&quot;,&quot;jet_parallax_layout_bg_y&quot;:50,&quot;jet_parallax_layout_bg_y_tablet&quot;:&quot;&quot;,&quot;jet_parallax_layout_bg_y_mobile&quot;:&quot;&quot;,&quot;jet_parallax_layout_bg_size&quot;:&quot;auto&quot;,&quot;jet_parallax_layout_bg_size_tablet&quot;:&quot;&quot;,&quot;jet_parallax_layout_bg_size_mobile&quot;:&quot;&quot;,&quot;jet_parallax_layout_animation_prop&quot;:&quot;transform&quot;,&quot;jet_parallax_layout_on&quot;:[&quot;desktop&quot;,&quot;tablet&quot;]}],&quot;background_background&quot;:&quot;gradient&quot;}\">\n\t\t\t\t\t\t<div class=\"elementor-container elementor-column-gap-no\">\n\t\t\t\t\t<div class=\"elementor-column elementor-col-50 elementor-top-column elementor-element elementor-element-980229d\" data-id=\"980229d\" data-element_type=\"column\" data-e-type=\"column\">\n\t\t\t<div class=\"elementor-widget-wrap elementor-element-populated\">\n\t\t\t\t\t\t<div class=\"elementor-element elementor-element-4a2cb85 elementor-widget elementor-widget-image\" data-id=\"4a2cb85\" data-element_type=\"widget\" data-e-type=\"widget\" data-widget_type=\"image.default\">\n\t\t\t\t<div class=\"elementor-widget-container\">\n\t\t\t\t\t\t\t\t\t\t\t\t\t\t\t<img fetchpriority=\"high\" decoding=\"async\" width=\"1000\" height=\"1000\" src=\"https:\/\/ndf.csdcab.ca\/wp-content\/uploads\/sites\/11\/2021\/10\/NDF_mission_1000x1000.png\" class=\"attachment-large size-large wp-image-1661\" alt=\"\" srcset=\"https:\/\/ndf.csdcab.ca\/wp-content\/uploads\/sites\/11\/2021\/10\/NDF_mission_1000x1000.png 1000w, https:\/\/ndf.csdcab.ca\/wp-content\/uploads\/sites\/11\/2021\/10\/NDF_mission_1000x1000-300x300.png 300w, https:\/\/ndf.csdcab.ca\/wp-content\/uploads\/sites\/11\/2021\/10\/NDF_mission_1000x1000-150x150.png 150w, https:\/\/ndf.csdcab.ca\/wp-content\/uploads\/sites\/11\/2021\/10\/NDF_mission_1000x1000-768x768.png 768w, https:\/\/ndf.csdcab.ca\/wp-content\/uploads\/sites\/11\/2021\/10\/NDF_mission_1000x1000-12x12.png 12w, https:\/\/ndf.csdcab.ca\/wp-content\/uploads\/sites\/11\/2021\/10\/NDF_mission_1000x1000-230x230.png 230w, https:\/\/ndf.csdcab.ca\/wp-content\/uploads\/sites\/11\/2021\/10\/NDF_mission_1000x1000-400x400.png 400w, https:\/\/ndf.csdcab.ca\/wp-content\/uploads\/sites\/11\/2021\/10\/NDF_mission_1000x1000-600x600.png 600w, https:\/\/ndf.csdcab.ca\/wp-content\/uploads\/sites\/11\/2021\/10\/NDF_mission_1000x1000-640x640.png 640w\" sizes=\"(max-width: 1000px) 100vw, 1000px\" \/>\t\t\t\t\t\t\t\t\t\t\t\t\t\t\t<\/div>\n\t\t\t\t<\/div>\n\t\t\t\t\t<\/div>\n\t\t<\/div>\n\t\t\t\t<div class=\"elementor-column elementor-col-50 elementor-top-column elementor-element elementor-element-e6e7ae6\" data-id=\"e6e7ae6\" data-element_type=\"column\" data-e-type=\"column\">\n\t\t\t<div class=\"elementor-widget-wrap elementor-element-populated\">\n\t\t\t\t\t\t<div class=\"elementor-element elementor-element-9fc7b07 elementor-tabs-view-vertical elementor-widget elementor-widget-tabs\" data-id=\"9fc7b07\" data-element_type=\"widget\" data-e-type=\"widget\" data-widget_type=\"tabs.default\">\n\t\t\t\t<div class=\"elementor-widget-container\">\n\t\t\t\t\t\t\t<div class=\"elementor-tabs\">\n\t\t\t<div class=\"elementor-tabs-wrapper\" role=\"tablist\" >\n\t\t\t\t\t\t\t\t\t<div id=\"elementor-tab-title-1671\" class=\"elementor-tab-title elementor-tab-desktop-title\" aria-selected=\"true\" data-tab=\"1\" role=\"tab\" tabindex=\"0\" aria-controls=\"elementor-tab-content-1671\" aria-expanded=\"false\">Bienveillance<\/div>\n\t\t\t\t\t\t\t\t\t<div id=\"elementor-tab-title-1672\" class=\"elementor-tab-title elementor-tab-desktop-title\" aria-selected=\"false\" data-tab=\"2\" role=\"tab\" tabindex=\"-1\" aria-controls=\"elementor-tab-content-1672\" aria-expanded=\"false\">Fiert\u00e9<\/div>\n\t\t\t\t\t\t\t\t\t<div id=\"elementor-tab-title-1673\" class=\"elementor-tab-title elementor-tab-desktop-title\" aria-selected=\"false\" data-tab=\"3\" role=\"tab\" tabindex=\"-1\" aria-controls=\"elementor-tab-content-1673\" aria-expanded=\"false\">Engagement<\/div>\n\t\t\t\t\t\t\t<\/div>\n\t\t\t<div class=\"elementor-tabs-content-wrapper\" role=\"tablist\" aria-orientation=\"vertical\">\n\t\t\t\t\t\t\t\t\t<div class=\"elementor-tab-title elementor-tab-mobile-title\" aria-selected=\"true\" data-tab=\"1\" role=\"tab\" tabindex=\"0\" aria-controls=\"elementor-tab-content-1671\" aria-expanded=\"false\">Bienveillance<\/div>\n\t\t\t\t\t<div id=\"elementor-tab-content-1671\" class=\"elementor-tab-content elementor-clearfix\" data-tab=\"1\" role=\"tabpanel\" aria-labelledby=\"elementor-tab-title-1671\" tabindex=\"0\" hidden=\"false\"><p><strong>R\u00e8gle d&rsquo;or :<\/strong> J&rsquo;accueil l&rsquo;autre et je le consid\u00e8re comme mon \u00e9gal.<\/p><ul><li>J&rsquo;encourage les autres.<\/li><li>J&rsquo;accepte que les autres fassent des erreurs.<\/li><li>Je comprends que les autres ont des besoins diff\u00e9rents des miens.<\/li><li>Je suis poli (je dis bonjour, s.v.p., merci, et je m&rsquo;excuse).<\/li><li>J&rsquo;invite les autres en cr\u00e9ant des liens d&rsquo;amiti\u00e9.<\/li><\/ul><\/div>\n\t\t\t\t\t\t\t\t\t<div class=\"elementor-tab-title elementor-tab-mobile-title\" aria-selected=\"false\" data-tab=\"2\" role=\"tab\" tabindex=\"-1\" aria-controls=\"elementor-tab-content-1672\" aria-expanded=\"false\">Fiert\u00e9<\/div>\n\t\t\t\t\t<div id=\"elementor-tab-content-1672\" class=\"elementor-tab-content elementor-clearfix\" data-tab=\"2\" role=\"tabpanel\" aria-labelledby=\"elementor-tab-title-1672\" tabindex=\"0\" hidden=\"hidden\"><p><strong>R\u00e8gle d&rsquo;or :<\/strong> Je suis fier de qui je suis.\u00a0<\/p><ul><li>Je choisis de parler en fran\u00e7ais.<\/li><li>Je m&rsquo;implique dans les activit\u00e9s scolaires (clubs, sports, journ\u00e9e th\u00e8mes, etc.).<\/li><li>Je contribue \u00e0 mes succ\u00e8s et aux succ\u00e8s des autres.<\/li><\/ul><\/div>\n\t\t\t\t\t\t\t\t\t<div class=\"elementor-tab-title elementor-tab-mobile-title\" aria-selected=\"false\" data-tab=\"3\" role=\"tab\" tabindex=\"-1\" aria-controls=\"elementor-tab-content-1673\" aria-expanded=\"false\">Engagement<\/div>\n\t\t\t\t\t<div id=\"elementor-tab-content-1673\" class=\"elementor-tab-content elementor-clearfix\" data-tab=\"3\" role=\"tabpanel\" aria-labelledby=\"elementor-tab-title-1673\" tabindex=\"0\" hidden=\"hidden\"><p><strong>R\u00e8gle d&rsquo;or :<\/strong> Je fais des choix qui favorisent mon apprentissage.<\/p><ul><li>Je persiste malgr\u00e9 les difficult\u00e9s.<\/li><li>Je cherche des solutions avant de demander de l&rsquo;aide.<\/li><li>Je fais un effort pour remettre des travaux dont je suis fier.<\/li><li>Je me fais confiance en prenant des risques.<\/li><\/ul><\/div>\n\t\t\t\t\t\t\t<\/div>\n\t\t<\/div>\n\t\t\t\t\t\t<\/div>\n\t\t\t\t<\/div>\n\t\t\t\t\t<\/div>\n\t\t<\/div>\n\t\t\t\t\t<\/div>\n\t\t<\/section>\n\t\t\t\t<section class=\"elementor-section elementor-top-section elementor-element elementor-element-b759c1d elementor-section-boxed elementor-section-height-default elementor-section-height-default\" data-id=\"b759c1d\" data-element_type=\"section\" data-e-type=\"section\" data-settings=\"{&quot;jet_parallax_layout_list&quot;:[{&quot;jet_parallax_layout_image&quot;:{&quot;url&quot;:&quot;&quot;,&quot;id&quot;:&quot;&quot;,&quot;size&quot;:&quot;&quot;},&quot;_id&quot;:&quot;9583375&quot;,&quot;jet_parallax_layout_image_tablet&quot;:{&quot;url&quot;:&quot;&quot;,&quot;id&quot;:&quot;&quot;,&quot;size&quot;:&quot;&quot;},&quot;jet_parallax_layout_image_mobile&quot;:{&quot;url&quot;:&quot;&quot;,&quot;id&quot;:&quot;&quot;,&quot;size&quot;:&quot;&quot;},&quot;jet_parallax_layout_speed&quot;:{&quot;unit&quot;:&quot;%&quot;,&quot;size&quot;:50,&quot;sizes&quot;:[]},&quot;jet_parallax_layout_type&quot;:&quot;scroll&quot;,&quot;jet_parallax_layout_direction&quot;:&quot;1&quot;,&quot;jet_parallax_layout_fx_direction&quot;:null,&quot;jet_parallax_layout_z_index&quot;:&quot;&quot;,&quot;jet_parallax_layout_bg_x&quot;:50,&quot;jet_parallax_layout_bg_x_tablet&quot;:&quot;&quot;,&quot;jet_parallax_layout_bg_x_mobile&quot;:&quot;&quot;,&quot;jet_parallax_layout_bg_y&quot;:50,&quot;jet_parallax_layout_bg_y_tablet&quot;:&quot;&quot;,&quot;jet_parallax_layout_bg_y_mobile&quot;:&quot;&quot;,&quot;jet_parallax_layout_bg_size&quot;:&quot;auto&quot;,&quot;jet_parallax_layout_bg_size_tablet&quot;:&quot;&quot;,&quot;jet_parallax_layout_bg_size_mobile&quot;:&quot;&quot;,&quot;jet_parallax_layout_animation_prop&quot;:&quot;transform&quot;,&quot;jet_parallax_layout_on&quot;:[&quot;desktop&quot;,&quot;tablet&quot;]}],&quot;background_background&quot;:&quot;classic&quot;}\">\n\t\t\t\t\t\t<div class=\"elementor-container elementor-column-gap-no\">\n\t\t\t\t\t<div class=\"elementor-column elementor-col-100 elementor-top-column elementor-element elementor-element-3b41286\" data-id=\"3b41286\" data-element_type=\"column\" data-e-type=\"column\">\n\t\t\t<div class=\"elementor-widget-wrap elementor-element-populated\">\n\t\t\t\t\t\t<div class=\"elementor-element elementor-element-9c2cf8b elementor-widget elementor-widget-text-editor\" data-id=\"9c2cf8b\" data-element_type=\"widget\" data-e-type=\"widget\" data-widget_type=\"text-editor.default\">\n\t\t\t\t<div class=\"elementor-widget-container\">\n\t\t\t\t\t\t\t\t\t<h4><strong>Responsabilit\u00e9s des \u00e9l\u00e8ves<\/strong><\/h4><ul><li>Arriver \u00e0 l&rsquo;heure, pr\u00e9par\u00e9 et pr\u00eat \u00e0 apprendre.<\/li><li>Faire vivre les valeurs de l&rsquo;\u00e9cole.<\/li><li>Respecter soi-m\u00eame, les autres et les personnes en situation d&rsquo;autorit\u00e9.<\/li><li>Ne pas apporter d&rsquo;objet pouvant pr\u00e9senter un risque pour la s\u00e9curit\u00e9.<\/li><li>Utiliser un langage convenable.<\/li><li>R\u00e9soudre les conflits de mani\u00e8re pacifique.<\/li><li>Suivre les r\u00e8gles et assumer la responsabilit\u00e9 de ses actions.<\/li><\/ul><h4><strong>Pr\u00e9vention et renforcement positif<\/strong><\/h4><ul><li>Enseignement et renforcement des comportements positifs attendus.<\/li><li>Syst\u00e8me de reconnaissance \u00e0 l&rsquo;\u00e9chelle de l&rsquo;\u00e9cole selon les valeurs travaill\u00e9es.<\/li><li>Rassemblements mensuels pour souligner les bons coups.<\/li><li>Enseignement d&rsquo;habilet\u00e9s socio\u00e9motionnelles, de relations saines et de gestion de conflits.<\/li><\/ul><h4><strong>Discipline progressive et r\u00e9paration<\/strong><\/h4><p>Lors d&rsquo;un manquement, l&rsquo;\u00e9cole tient compte de la gravit\u00e9, de la fr\u00e9quence et des facteurs pertinents. Les interventions peuvent comprendre :<\/p><ul><li>un retrait pour revenir au calme et r\u00e9fl\u00e9chir;<\/li><li>une intervention ou une sanction \u00e0 l&rsquo;interne;<\/li><li>une rencontre entre l&rsquo;\u00e9l\u00e8ve, la famille et la direction;<\/li><li>une d\u00e9marche de justice r\u00e9paratrice;<\/li><li>une r\u00e9f\u00e9rence aux services \u00e0 l&rsquo;\u00e9l\u00e8ve et l&rsquo;\u00e9laboration d&rsquo;un plan;<\/li><li>une suspension lorsque la situation l&rsquo;exige.<\/li><\/ul>\t\t\t\t\t\t\t\t<\/div>\n\t\t\t\t<\/div>\n\t\t\t\t<div class=\"elementor-element elementor-element-5e847bb elementor-widget elementor-widget-heading\" data-id=\"5e847bb\" data-element_type=\"widget\" data-e-type=\"widget\" data-widget_type=\"heading.default\">\n\t\t\t\t<div class=\"elementor-widget-container\">\n\t\t\t\t\t<h2 class=\"elementor-heading-title elementor-size-default\">Notre plan de pr\u00e9vention et d'intervention de l'intimidation<\/h2>\t\t\t\t<\/div>\n\t\t\t\t<\/div>\n\t\t\t\t<div class=\"elementor-element elementor-element-dd8a509 elementor-widget elementor-widget-text-editor\" data-id=\"dd8a509\" data-element_type=\"widget\" data-e-type=\"widget\" data-widget_type=\"text-editor.default\">\n\t\t\t\t<div class=\"elementor-widget-container\">\n\t\t\t\t\t\t\t\t\t<p><span class=\"ui-provider vy b c d e f g h i j k l m n o p q r s t u v w x y z ab ac ae af ag ah ai aj ak\" dir=\"ltr\">Le <a href=\"https:\/\/ndf.csdcab.ca\/wp-content\/uploads\/sites\/11\/2025\/12\/NDF_Plan-de-prevention-et-intervention-en-matiere-dintimidation-2025_2027.pdf\" target=\"_blank\" rel=\"noopener\">plan de pr\u00e9vention et d&rsquo;intervention en mati\u00e8re d&rsquo;intimidation<\/a> vise \u00e0 assurer le climat scolaire positif de notre \u00e9cole. Il est r\u00e9vis\u00e9 annuellement.<\/span><\/p>\t\t\t\t\t\t\t\t<\/div>\n\t\t\t\t<\/div>\n\t\t\t\t\t<\/div>\n\t\t<\/div>\n\t\t\t\t\t<\/div>\n\t\t<\/section>\n\t\t\t\t<\/div>\n\t\t","protected":false},"excerpt":{"rendered":"<p>Notre \u00e9cole Ensemble, nous travaillons dans le but de favoriser l&rsquo;apprentissage de nos \u00e9l\u00e8ves. Au c\u0153ur de leur culture et de leur identit\u00e9 catholique francophone, nous leur offrons une \u00e9ducation propre \u00e0 leur \u00e9panouissement. Dans un environnement s\u00e9curitaire, valorisant et inclusif, et gr\u00e2ce \u00e0 la collaboration et au d\u00e9vouement du personnel, des parents et des [&hellip;]<\/p>\n","protected":false},"author":1,"featured_media":0,"parent":196,"menu_order":1,"comment_status":"closed","ping_status":"closed","template":"elementor_header_footer","meta":{"_mc_calendar":[],"footnotes":""},"class_list":["post-198","page","type-page","status-publish","hentry"],"yoast_head":"<!-- This site is optimized with the Yoast SEO plugin v28.3 - https:\/\/yoast.com\/product\/yoast-seo-wordpress\/ -->\n<title>Climat scolaire - \u00c9cole Notre-Dame-de-Fatima<\/title>\n<meta name=\"robots\" content=\"index, follow, max-snippet:-1, max-image-preview:large, max-video-preview:-1\" \/>\n<link rel=\"canonical\" href=\"https:\/\/ndf.csdcab.ca\/en\/notre-ecole\/climat-scolaire\/\" \/>\n<meta property=\"og:locale\" content=\"en_US\" \/>\n<meta property=\"og:type\" content=\"article\" \/>\n<meta property=\"og:title\" content=\"Climat scolaire - \u00c9cole Notre-Dame-de-Fatima\" \/>\n<meta property=\"og:description\" content=\"Notre \u00e9cole Ensemble, nous travaillons dans le but de favoriser l&rsquo;apprentissage de nos \u00e9l\u00e8ves. Au c\u0153ur de leur culture et de leur identit\u00e9 catholique francophone, nous leur offrons une \u00e9ducation propre \u00e0 leur \u00e9panouissement. Dans un environnement s\u00e9curitaire, valorisant et inclusif, et gr\u00e2ce \u00e0 la collaboration et au d\u00e9vouement du personnel, des parents et des [&hellip;]\" \/>\n<meta property=\"og:url\" content=\"https:\/\/ndf.csdcab.ca\/en\/notre-ecole\/climat-scolaire\/\" \/>\n<meta property=\"og:site_name\" content=\"\u00c9cole Notre-Dame-de-Fatima\" \/>\n<meta property=\"article:modified_time\" content=\"2026-08-18T18:50:24+00:00\" \/>\n<meta property=\"og:image\" content=\"https:\/\/ndf.csdcab.ca\/wp-content\/uploads\/sites\/11\/2021\/10\/NDF_mission_1000x1000.png\" \/>\n\t<meta property=\"og:image:width\" content=\"1000\" \/>\n\t<meta property=\"og:image:height\" content=\"1000\" \/>\n\t<meta property=\"og:image:type\" content=\"image\/png\" \/>\n<meta name=\"twitter:card\" content=\"summary_large_image\" \/>\n<meta name=\"twitter:label1\" content=\"Est. reading time\" \/>\n\t<meta name=\"twitter:data1\" content=\"3 minutes\" \/>\n<script type=\"application\/ld+json\" class=\"yoast-schema-graph\">{\"@context\":\"https:\\\/\\\/schema.org\",\"@graph\":[{\"@type\":\"WebPage\",\"@id\":\"https:\\\/\\\/ndf.csdcab.ca\\\/notre-ecole\\\/climat-scolaire\\\/\",\"url\":\"https:\\\/\\\/ndf.csdcab.ca\\\/notre-ecole\\\/climat-scolaire\\\/\",\"name\":\"Climat scolaire - \u00c9cole Notre-Dame-de-Fatima\",\"isPartOf\":{\"@id\":\"https:\\\/\\\/ndf.csdcab.ca\\\/en\\\/#website\"},\"primaryImageOfPage\":{\"@id\":\"https:\\\/\\\/ndf.csdcab.ca\\\/notre-ecole\\\/climat-scolaire\\\/#primaryimage\"},\"image\":{\"@id\":\"https:\\\/\\\/ndf.csdcab.ca\\\/notre-ecole\\\/climat-scolaire\\\/#primaryimage\"},\"thumbnailUrl\":\"https:\\\/\\\/ndf.csdcab.ca\\\/wp-content\\\/uploads\\\/sites\\\/11\\\/2021\\\/10\\\/NDF_mission_1000x1000.png\",\"datePublished\":\"2021-08-10T16:18:50+00:00\",\"dateModified\":\"2026-08-18T18:50:24+00:00\",\"breadcrumb\":{\"@id\":\"https:\\\/\\\/ndf.csdcab.ca\\\/notre-ecole\\\/climat-scolaire\\\/#breadcrumb\"},\"inLanguage\":\"en-CA\",\"potentialAction\":[{\"@type\":\"ReadAction\",\"target\":[\"https:\\\/\\\/ndf.csdcab.ca\\\/notre-ecole\\\/climat-scolaire\\\/\"]}]},{\"@type\":\"ImageObject\",\"inLanguage\":\"en-CA\",\"@id\":\"https:\\\/\\\/ndf.csdcab.ca\\\/notre-ecole\\\/climat-scolaire\\\/#primaryimage\",\"url\":\"https:\\\/\\\/ndf.csdcab.ca\\\/wp-content\\\/uploads\\\/sites\\\/11\\\/2021\\\/10\\\/NDF_mission_1000x1000.png\",\"contentUrl\":\"https:\\\/\\\/ndf.csdcab.ca\\\/wp-content\\\/uploads\\\/sites\\\/11\\\/2021\\\/10\\\/NDF_mission_1000x1000.png\"},{\"@type\":\"BreadcrumbList\",\"@id\":\"https:\\\/\\\/ndf.csdcab.ca\\\/notre-ecole\\\/climat-scolaire\\\/#breadcrumb\",\"itemListElement\":[{\"@type\":\"ListItem\",\"position\":1,\"name\":\"Accueil\",\"item\":\"https:\\\/\\\/ndf.csdcab.ca\\\/en\\\/\"},{\"@type\":\"ListItem\",\"position\":2,\"name\":\"Notre \u00e9cole\",\"item\":\"https:\\\/\\\/ndf.csdcab.ca\\\/notre-ecole\\\/\"},{\"@type\":\"ListItem\",\"position\":3,\"name\":\"Climat scolaire\"}]},{\"@type\":\"WebSite\",\"@id\":\"https:\\\/\\\/ndf.csdcab.ca\\\/en\\\/#website\",\"url\":\"https:\\\/\\\/ndf.csdcab.ca\\\/en\\\/\",\"name\":\"\u00c9cole Notre-Dame-de-Fatima\",\"description\":\"\u00c9cole Notre-Dame-de-Fatima\",\"potentialAction\":[{\"@type\":\"SearchAction\",\"target\":{\"@type\":\"EntryPoint\",\"urlTemplate\":\"https:\\\/\\\/ndf.csdcab.ca\\\/en\\\/?s={search_term_string}\"},\"query-input\":{\"@type\":\"PropertyValueSpecification\",\"valueRequired\":true,\"valueName\":\"search_term_string\"}}],\"inLanguage\":\"en-CA\"}]}<\/script>\n<!-- \/ Yoast SEO plugin. -->","yoast_head_json":{"title":"Climat scolaire - \u00c9cole Notre-Dame-de-Fatima","robots":{"index":"index","follow":"follow","max-snippet":"max-snippet:-1","max-image-preview":"max-image-preview:large","max-video-preview":"max-video-preview:-1"},"canonical":"https:\/\/ndf.csdcab.ca\/en\/notre-ecole\/climat-scolaire\/","og_locale":"en_US","og_type":"article","og_title":"Climat scolaire - \u00c9cole Notre-Dame-de-Fatima","og_description":"Notre \u00e9cole Ensemble, nous travaillons dans le but de favoriser l&rsquo;apprentissage de nos \u00e9l\u00e8ves. Au c\u0153ur de leur culture et de leur identit\u00e9 catholique francophone, nous leur offrons une \u00e9ducation propre \u00e0 leur \u00e9panouissement. Dans un environnement s\u00e9curitaire, valorisant et inclusif, et gr\u00e2ce \u00e0 la collaboration et au d\u00e9vouement du personnel, des parents et des [&hellip;]","og_url":"https:\/\/ndf.csdcab.ca\/en\/notre-ecole\/climat-scolaire\/","og_site_name":"\u00c9cole Notre-Dame-de-Fatima","article_modified_time":"2026-08-18T18:50:24+00:00","og_image":[{"width":1000,"height":1000,"url":"https:\/\/ndf.csdcab.ca\/wp-content\/uploads\/sites\/11\/2021\/10\/NDF_mission_1000x1000.png","type":"image\/png"}],"twitter_card":"summary_large_image","twitter_misc":{"Est. reading time":"3 minutes"},"schema":{"@context":"https:\/\/schema.org","@graph":[{"@type":"WebPage","@id":"https:\/\/ndf.csdcab.ca\/notre-ecole\/climat-scolaire\/","url":"https:\/\/ndf.csdcab.ca\/notre-ecole\/climat-scolaire\/","name":"Climat scolaire - \u00c9cole Notre-Dame-de-Fatima","isPartOf":{"@id":"https:\/\/ndf.csdcab.ca\/en\/#website"},"primaryImageOfPage":{"@id":"https:\/\/ndf.csdcab.ca\/notre-ecole\/climat-scolaire\/#primaryimage"},"image":{"@id":"https:\/\/ndf.csdcab.ca\/notre-ecole\/climat-scolaire\/#primaryimage"},"thumbnailUrl":"https:\/\/ndf.csdcab.ca\/wp-content\/uploads\/sites\/11\/2021\/10\/NDF_mission_1000x1000.png","datePublished":"2021-08-10T16:18:50+00:00","dateModified":"2026-08-18T18:50:24+00:00","breadcrumb":{"@id":"https:\/\/ndf.csdcab.ca\/notre-ecole\/climat-scolaire\/#breadcrumb"},"inLanguage":"en-CA","potentialAction":[{"@type":"ReadAction","target":["https:\/\/ndf.csdcab.ca\/notre-ecole\/climat-scolaire\/"]}]},{"@type":"ImageObject","inLanguage":"en-CA","@id":"https:\/\/ndf.csdcab.ca\/notre-ecole\/climat-scolaire\/#primaryimage","url":"https:\/\/ndf.csdcab.ca\/wp-content\/uploads\/sites\/11\/2021\/10\/NDF_mission_1000x1000.png","contentUrl":"https:\/\/ndf.csdcab.ca\/wp-content\/uploads\/sites\/11\/2021\/10\/NDF_mission_1000x1000.png"},{"@type":"BreadcrumbList","@id":"https:\/\/ndf.csdcab.ca\/notre-ecole\/climat-scolaire\/#breadcrumb","itemListElement":[{"@type":"ListItem","position":1,"name":"Accueil","item":"https:\/\/ndf.csdcab.ca\/en\/"},{"@type":"ListItem","position":2,"name":"Notre \u00e9cole","item":"https:\/\/ndf.csdcab.ca\/notre-ecole\/"},{"@type":"ListItem","position":3,"name":"Climat scolaire"}]},{"@type":"WebSite","@id":"https:\/\/ndf.csdcab.ca\/en\/#website","url":"https:\/\/ndf.csdcab.ca\/en\/","name":"\u00c9cole Notre-Dame-de-Fatima","description":"\u00c9cole Notre-Dame-de-Fatima","potentialAction":[{"@type":"SearchAction","target":{"@type":"EntryPoint","urlTemplate":"https:\/\/ndf.csdcab.ca\/en\/?s={search_term_string}"},"query-input":{"@type":"PropertyValueSpecification","valueRequired":true,"valueName":"search_term_string"}}],"inLanguage":"en-CA"}]}},"_links":{"self":[{"href":"https:\/\/ndf.csdcab.ca\/en\/wp-json\/wp\/v2\/pages\/198","targetHints":{"allow":["GET"]}}],"collection":[{"href":"https:\/\/ndf.csdcab.ca\/en\/wp-json\/wp\/v2\/pages"}],"about":[{"href":"https:\/\/ndf.csdcab.ca\/en\/wp-json\/wp\/v2\/types\/page"}],"author":[{"embeddable":true,"href":"https:\/\/ndf.csdcab.ca\/en\/wp-json\/wp\/v2\/users\/1"}],"replies":[{"embeddable":true,"href":"https:\/\/ndf.csdcab.ca\/en\/wp-json\/wp\/v2\/comments?post=198"}],"version-history":[{"count":0,"href":"https:\/\/ndf.csdcab.ca\/en\/wp-json\/wp\/v2\/pages\/198\/revisions"}],"up":[{"embeddable":true,"href":"https:\/\/ndf.csdcab.ca\/en\/wp-json\/wp\/v2\/pages\/196"}],"wp:attachment":[{"href":"https:\/\/ndf.csdcab.ca\/en\/wp-json\/wp\/v2\/media?parent=198"}],"curies":[{"name":"wp","href":"https:\/\/api.w.org\/{rel}","templated":true}]}}